{"id":34,"date":"2022-08-04T14:36:06","date_gmt":"2022-08-04T14:36:06","guid":{"rendered":"https:\/\/opiskelijakunta.net\/?page_id=34"},"modified":"2026-03-25T10:19:55","modified_gmt":"2026-03-25T07:19:55","slug":"edunvalvonta","status":"publish","type":"page","link":"https:\/\/opiskelijakunta.net\/en\/edunvalvonta\/","title":{"rendered":"Advocasy"},"content":{"rendered":"<p>[et_pb_section fb_built=&#8221;1&#8243; admin_label=&#8221;Hero section&#8221; _builder_version=&#8221;4.17.6&#8243; use_background_color_gradient=&#8221;on&#8221; background_color_gradient_stops=&#8221;rgba(0,174,199,0.48) 1%|#347888 100%&#8221; background_color_gradient_overlays_image=&#8221;on&#8221; background_color_gradient_start=&#8221;rgba(150,105,97,0.67)&#8221; background_color_gradient_end=&#8221;rgba(2,0,76,0.84)&#8221; background_image=&#8221;https:\/\/opiskelijakunta.net\/wp-content\/uploads\/2022\/10\/bannerikuva-6-min.jpg&#8221; custom_margin=&#8221;|||&#8221; custom_padding=&#8221;20vh||||false|false&#8221; global_colors_info=&#8221;{}&#8221;][et_pb_row _builder_version=&#8221;4.17.6&#8243; width_tablet=&#8221;&#8221; width_phone=&#8221;90%&#8221; width_last_edited=&#8221;on|phone&#8221; max_width=&#8221;2000px&#8221; custom_margin=&#8221;|||&#8221; custom_padding=&#8221;||0px||false|false&#8221; global_colors_info=&#8221;{}&#8221;][et_pb_column type=&#8221;4_4&#8243; _builder_version=&#8221;4.16&#8243; custom_padding=&#8221;1px|||&#8221; global_colors_info=&#8221;{}&#8221; custom_padding__hover=&#8221;|||&#8221;][et_pb_text _builder_version=&#8221;4.17.6&#8243; _module_preset=&#8221;default&#8221; header_font=&#8221;Lato|900||on|||||&#8221; header_text_color=&#8221;#FFFFFF&#8221; header_font_size=&#8221;60px&#8221; header_letter_spacing=&#8221;4px&#8221; animation_style=&#8221;flip&#8221; header_font_size_tablet=&#8221;55px&#8221; header_font_size_phone=&#8221;30px&#8221; header_font_size_last_edited=&#8221;on|phone&#8221; header_text_shadow_style=&#8221;preset1&#8243; global_colors_info=&#8221;{}&#8221;]<\/p>\n<h1>Edunvalvonta<\/h1>\n<p>[\/et_pb_text][\/et_pb_column][\/et_pb_row][\/et_pb_section][et_pb_section fb_built=&#8221;1&#8243; disabled_on=&#8221;on|on|off&#8221; _builder_version=&#8221;4.17.6&#8243; _module_preset=&#8221;default&#8221; background_color=&#8221;#efefef&#8221; custom_padding=&#8221;0px||0px||false|false&#8221; sticky_position=&#8221;top&#8221; background_color_phone=&#8221;#D1D1D1&#8243; background_last_edited=&#8221;on|phone&#8221; background_enable_color_phone=&#8221;on&#8221; global_colors_info=&#8221;{}&#8221;][et_pb_row _builder_version=&#8221;4.17.6&#8243; _module_preset=&#8221;default&#8221; custom_padding=&#8221;8px||8px||true|false&#8221; global_colors_info=&#8221;{}&#8221;][et_pb_column type=&#8221;4_4&#8243; _builder_version=&#8221;4.17.6&#8243; _module_preset=&#8221;default&#8221; global_colors_info=&#8221;{}&#8221;][et_pb_menu menu_id=&#8221;12&#8243; menu_style=&#8221;centered&#8221; active_link_color=&#8221;#000000&#8243; _builder_version=&#8221;4.17.6&#8243; _module_preset=&#8221;default&#8221; menu_font=&#8221;|||on|||||&#8221; menu_text_color=&#8221;#000000&#8243; menu_font_size=&#8221;15px&#8221; background_color=&#8221;#efefef&#8221; background_color_phone=&#8221;#D1D1D1&#8243; background_last_edited=&#8221;on|phone&#8221; background_enable_color_phone=&#8221;on&#8221; global_colors_info=&#8221;{}&#8221; menu_text_color__hover_enabled=&#8221;on|hover&#8221; menu_text_color__hover=&#8221;#00AEC7&#8243;][\/et_pb_menu][\/et_pb_column][\/et_pb_row][\/et_pb_section][et_pb_section fb_built=&#8221;1&#8243; module_id=&#8221;edunvalvonta&#8221; _builder_version=&#8221;4.17.6&#8243; _module_preset=&#8221;default&#8221; global_colors_info=&#8221;{}&#8221;][et_pb_row column_structure=&#8221;1_2,1_2&#8243; use_custom_gutter=&#8221;on&#8221; gutter_width=&#8221;2&#8243; make_equal=&#8221;on&#8221; custom_padding_last_edited=&#8221;on|phone&#8221; module_class=&#8221;reverse-columns-mobile&#8221; _builder_version=&#8221;4.17.6&#8243; _module_preset=&#8221;default&#8221; background_enable_color=&#8221;off&#8221; width=&#8221;90%&#8221; width_tablet=&#8221;95%&#8221; width_phone=&#8221;90%&#8221; width_last_edited=&#8221;on|phone&#8221; max_width=&#8221;1800px&#8221; custom_margin=&#8221;||||false|false&#8221; custom_padding=&#8221;||||false|false&#8221; custom_padding_tablet=&#8221;40px|40px|0px|40px|false|false&#8221; custom_padding_phone=&#8221;0px|0px|0px|0px|false|true&#8221; custom_css_main_element=&#8221;display: flex;||align-items: center;||flex-wrap: wrap;&#8221; global_colors_info=&#8221;{}&#8221;][et_pb_column type=&#8221;1_2&#8243; _builder_version=&#8221;4.17.6&#8243; _module_preset=&#8221;default&#8221; global_colors_info=&#8221;{}&#8221;][et_pb_text _builder_version=&#8221;4.17.6&#8243; _module_preset=&#8221;default&#8221; header_font=&#8221;Lato|900||on|||||&#8221; header_text_color=&#8221;#FFFFFF&#8221; header_font_size=&#8221;60px&#8221; header_letter_spacing=&#8221;4px&#8221; header_2_font=&#8221;Lato|900||on|||||&#8221; header_2_text_color=&#8221;#00AEC7&#8243; header_2_font_size=&#8221;50px&#8221; header_3_font=&#8221;Lato|900||on|||||&#8221; header_3_text_color=&#8221;#00AEC7&#8243; header_3_font_size=&#8221;35px&#8221; header_font_size_tablet=&#8221;55px&#8221; header_font_size_phone=&#8221;30px&#8221; header_font_size_last_edited=&#8221;on|phone&#8221; header_3_font_size_tablet=&#8221;35px&#8221; header_3_font_size_phone=&#8221;27px&#8221; header_3_font_size_last_edited=&#8221;on|phone&#8221; header_text_shadow_style=&#8221;preset1&#8243; global_colors_info=&#8221;{}&#8221;]<\/p>\n<h3>Ratkaistaan ongelmat yhdess\u00e4<\/h3>\n<p>[\/et_pb_text][et_pb_text _builder_version=&#8221;4.27.4&#8243; _module_preset=&#8221;default&#8221; text_font_size=&#8221;16px&#8221; global_colors_info=&#8221;{}&#8221;]<\/p>\n<p><span>Turun ammattikorkeakoulun opiskelijakunta \u2013 TUOn tarkoitus on valvoa opiskelijoiden etua ja tuoda opiskelijoiden \u00e4\u00e4ni kuuluviin ammattikorkeakoulussa ja kaupunkien p\u00e4\u00e4t\u00f6ksenteossa \u2013 Salossa ja Turussa. TUO on uskonnollisesti ja poliittisesti sitoutumaton sek\u00e4 ammattiyhdistyksist\u00e4 riippumaton.<\/span><\/p>\n<p><span>Voit k\u00e4\u00e4nty\u00e4 TUOn puoleen aina, kun sinulla on opintoihin liittyv\u00e4 ongelma tai kysymys. Opiskelijakunnan vaikuttamisen asiantuntija voi esimerkiksi olla mukana selvitt\u00e4m\u00e4ss\u00e4 ristiriitatilanteita, parantamassa koulutuksen laatua koulutusohjelmassa sek\u00e4 toimia opiskelijoiden ja koulun henkil\u00f6st\u00f6n v\u00e4lisen\u00e4 viestinviej\u00e4n\u00e4. <\/span>Vaikuttamisen asiantuntijat k\u00e4sittelev\u00e4t luottamuksellisesti yhteydenotot.<\/p>\n<p>Ota yhteytt\u00e4 s\u00e4hk\u00f6postitse <a href=\"mailto:edunvalvonta@opiskelijakunta.net\" target=\"_blank\" rel=\"noopener\">edunvalvonta@opiskelijakunta.net<\/a>.<\/p>\n<p>[\/et_pb_text][\/et_pb_column][et_pb_column type=&#8221;1_2&#8243; _builder_version=&#8221;4.17.6&#8243; _module_preset=&#8221;default&#8221; global_colors_info=&#8221;{}&#8221;][et_pb_image src=&#8221;https:\/\/opiskelijakunta.net\/wp-content\/uploads\/2022\/10\/Nimeton-suunn.malli-5-min.jpg&#8221; title_text=&#8221;Nimet\u00f6n suunn.malli (5)-min&#8221; _builder_version=&#8221;4.17.6&#8243; _module_preset=&#8221;default&#8221; border_radii=&#8221;on|10px|10px|10px|10px&#8221; box_shadow_style=&#8221;preset2&#8243; global_colors_info=&#8221;{}&#8221;][\/et_pb_image][\/et_pb_column][\/et_pb_row][et_pb_row column_structure=&#8221;1_3,1_3,1_3&#8243; use_custom_gutter=&#8221;on&#8221; gutter_width=&#8221;1&#8243; _builder_version=&#8221;4.17.6&#8243; background_color=&#8221;#ffffff&#8221; background_size=&#8221;initial&#8221; background_position=&#8221;top_left&#8221; background_repeat=&#8221;repeat&#8221; width=&#8221;85%&#8221; width_tablet=&#8221;85%&#8221; width_phone=&#8221;95%&#8221; width_last_edited=&#8221;on|desktop&#8221; max_width=&#8221;2000px&#8221; custom_margin=&#8221;30px||30px||true|false&#8221; custom_margin_tablet=&#8221;30px||30px||true|false&#8221; custom_margin_phone=&#8221;40px||0px||false|false&#8221; custom_margin_last_edited=&#8221;on|phone&#8221; custom_padding=&#8221;30px|0px|30px|0px|true|false&#8221; animation_direction=&#8221;bottom&#8221; border_radii=&#8221;on|15px|15px|15px|15px&#8221; border_color_all=&#8221;#3c39e6&#8243; border_width_top=&#8221;18px&#8221; border_color_top=&#8221;#FFD900&#8243; box_shadow_style=&#8221;preset1&#8243; box_shadow_vertical=&#8221;3px&#8221; box_shadow_blur=&#8221;20px&#8221; box_shadow_color=&#8221;rgba(0,0,0,0.1)&#8221; use_custom_width=&#8221;on&#8221; custom_width_px=&#8221;1440px&#8221; global_colors_info=&#8221;{}&#8221;][et_pb_column type=&#8221;1_3&#8243; _builder_version=&#8221;4.16&#8243; custom_padding=&#8221;|40px||40px&#8221; global_colors_info=&#8221;{}&#8221; custom_padding__hover=&#8221;|||&#8221;][et_pb_number_counter title=&#8221;yhteydenottoja vuodessa&#8221; number=&#8221;20+&#8221; percent_sign=&#8221;off&#8221; _builder_version=&#8221;4.17.6&#8243; _module_preset=&#8221;default&#8221; number_text_color=&#8221;#00AEC7&#8243; title_font_size_tablet=&#8221;&#8221; title_font_size_phone=&#8221;15px&#8221; title_font_size_last_edited=&#8221;on|phone&#8221; title_line_height_tablet=&#8221;&#8221; title_line_height_phone=&#8221;1.5em&#8221; title_line_height_last_edited=&#8221;on|phone&#8221; global_colors_info=&#8221;{}&#8221;][\/et_pb_number_counter][\/et_pb_column][et_pb_column type=&#8221;1_3&#8243; _builder_version=&#8221;4.16&#8243; custom_padding=&#8221;|40px||40px&#8221; global_colors_info=&#8221;{}&#8221; custom_padding__hover=&#8221;|||&#8221;][et_pb_number_counter title=&#8221;H\u00e4irint\u00e4ilmoituksia vuodessa&#8221; number=&#8221;15+&#8221; percent_sign=&#8221;off&#8221; _builder_version=&#8221;4.17.6&#8243; _module_preset=&#8221;default&#8221; number_text_color=&#8221;#00AEC7&#8243; title_font_size_tablet=&#8221;&#8221; title_font_size_phone=&#8221;15px&#8221; title_font_size_last_edited=&#8221;on|phone&#8221; title_line_height_tablet=&#8221;&#8221; title_line_height_phone=&#8221;1.5em&#8221; title_line_height_last_edited=&#8221;on|phone&#8221; global_colors_info=&#8221;{}&#8221;][\/et_pb_number_counter][\/et_pb_column][et_pb_column type=&#8221;1_3&#8243; _builder_version=&#8221;4.16&#8243; custom_padding=&#8221;|40px||40px&#8221; global_colors_info=&#8221;{}&#8221; custom_padding__hover=&#8221;|||&#8221;][et_pb_number_counter title=&#8221;Kannanotot ja lausunnot vuodessa&#8221; number=&#8221;5+&#8221; percent_sign=&#8221;off&#8221; _builder_version=&#8221;4.17.6&#8243; _module_preset=&#8221;default&#8221; number_text_color=&#8221;#00AEC7&#8243; title_font_size_tablet=&#8221;&#8221; title_font_size_phone=&#8221;15px&#8221; title_font_size_last_edited=&#8221;on|phone&#8221; title_line_height_tablet=&#8221;&#8221; title_line_height_phone=&#8221;1.5em&#8221; title_line_height_last_edited=&#8221;on|phone&#8221; global_colors_info=&#8221;{}&#8221;][\/et_pb_number_counter][\/et_pb_column][\/et_pb_row][\/et_pb_section][et_pb_section fb_built=&#8221;1&#8243; admin_label=&#8221;hairinta&#8221; module_id=&#8221;hairinta&#8221; _builder_version=&#8221;4.17.6&#8243; _module_preset=&#8221;default&#8221; background_color=&#8221;#fafafa&#8221; global_colors_info=&#8221;{}&#8221;][et_pb_row column_structure=&#8221;3_5,1_5,1_5&#8243; use_custom_gutter=&#8221;on&#8221; gutter_width=&#8221;2&#8243; make_equal=&#8221;on&#8221; custom_padding_last_edited=&#8221;on|phone&#8221; module_class=&#8221;reverse-columns-mobile&#8221; _builder_version=&#8221;4.17.6&#8243; _module_preset=&#8221;default&#8221; background_enable_color=&#8221;off&#8221; width=&#8221;90%&#8221; width_tablet=&#8221;95%&#8221; width_phone=&#8221;90%&#8221; width_last_edited=&#8221;on|phone&#8221; max_width=&#8221;1800px&#8221; custom_margin=&#8221;||||false|false&#8221; custom_padding=&#8221;||||false|false&#8221; custom_padding_tablet=&#8221;40px|40px|0px|40px|false|false&#8221; custom_padding_phone=&#8221;0px|0px|0px|0px|false|true&#8221; global_colors_info=&#8221;{}&#8221;][et_pb_column type=&#8221;3_5&#8243; _builder_version=&#8221;4.17.6&#8243; _module_preset=&#8221;default&#8221; global_colors_info=&#8221;{}&#8221;][et_pb_text _builder_version=&#8221;4.17.6&#8243; _module_preset=&#8221;default&#8221; header_font=&#8221;Lato|900||on|||||&#8221; header_text_color=&#8221;#FFFFFF&#8221; header_font_size=&#8221;60px&#8221; header_letter_spacing=&#8221;4px&#8221; header_2_font=&#8221;Lato|900||on|||||&#8221; header_2_text_color=&#8221;#00AEC7&#8243; header_2_font_size=&#8221;50px&#8221; header_3_font=&#8221;Lato|900||on|||||&#8221; header_3_text_color=&#8221;#00AEC7&#8243; header_3_font_size=&#8221;35px&#8221; header_font_size_tablet=&#8221;55px&#8221; header_font_size_phone=&#8221;30px&#8221; header_font_size_last_edited=&#8221;on|phone&#8221; header_3_font_size_tablet=&#8221;35px&#8221; header_3_font_size_phone=&#8221;25px&#8221; header_3_font_size_last_edited=&#8221;on|phone&#8221; header_text_shadow_style=&#8221;preset1&#8243; global_colors_info=&#8221;{}&#8221;]<\/p>\n<h3>H\u00e4irint\u00e4yhdyshenkil\u00f6<\/h3>\n<p>[\/et_pb_text][et_pb_text _builder_version=&#8221;4.17.6&#8243; _module_preset=&#8221;default&#8221; text_font_size=&#8221;16px&#8221; global_colors_info=&#8221;{}&#8221;]<\/p>\n<p><span>H\u00e4irint\u00e4 on toimintaa, jonka h\u00e4iritty kokee jollakin tavalla ep\u00e4miellytt\u00e4v\u00e4ksi. Se voi olla yhteydess\u00e4 h\u00e4irityn etnisyyteen, seksuaalisuuteen, varallisuuteen, uskontoon, fyysisiin ominaisuuksiin tai sukupuoleen. H\u00e4irinn\u00e4n piiriin luetaan\u00a0my\u00f6s korkeakoulukiusaaminen ja syrjint\u00e4.<\/span><\/p>\n<p><span>Jokaisella opiskelijalla on oikeus tasa-arvoiseen kohteluun\u00a0ja\u00a0fyysiseen sek\u00e4\u00a0psyykkiseen koskemattomuuteen\u00a0korkeakoulussa. Yhdenvertaisuuslain nojalla opiskelijoita ei saa erotella toisistaan heid\u00e4n ominaisuuksiinsa perustuen. Sukupuolten v\u00e4lisest\u00e4 tasa-arvosta s\u00e4\u00e4t\u00e4v\u00e4n lain tulee puolestaan taata sukupuolten v\u00e4linen tasa-arvo my\u00f6s opiskeluissa. Sukupuolten moninaisuus tulee tunnistaa ja tunnustaa korkeakouluyhteis\u00f6ss\u00e4.<\/span><\/p>\n<p>[\/et_pb_text][et_pb_text _builder_version=&#8221;4.17.6&#8243; _module_preset=&#8221;default&#8221; header_font=&#8221;Lato|900||on|||||&#8221; header_text_color=&#8221;#FFFFFF&#8221; header_font_size=&#8221;60px&#8221; header_letter_spacing=&#8221;4px&#8221; header_2_font=&#8221;Lato|900||on|||||&#8221; header_2_text_color=&#8221;#00AEC7&#8243; header_2_font_size=&#8221;50px&#8221; header_3_font=&#8221;Lato|900||on|||||&#8221; header_3_text_color=&#8221;#00AEC7&#8243; header_3_font_size=&#8221;35px&#8221; custom_padding_tablet=&#8221;&#8221; custom_padding_phone=&#8221;30px||||false|false&#8221; custom_padding_last_edited=&#8221;on|phone&#8221; header_font_size_tablet=&#8221;55px&#8221; header_font_size_phone=&#8221;30px&#8221; header_font_size_last_edited=&#8221;on|phone&#8221; header_3_font_size_tablet=&#8221;35px&#8221; header_3_font_size_phone=&#8221;30px&#8221; header_3_font_size_last_edited=&#8221;on|phone&#8221; header_text_shadow_style=&#8221;preset1&#8243; global_colors_info=&#8221;{}&#8221;]<\/p>\n<h3>Ota yhteytt\u00e4<\/h3>\n<p>[\/et_pb_text][et_pb_text _builder_version=&#8221;4.27.4&#8243; _module_preset=&#8221;default&#8221; text_font_size=&#8221;16px&#8221; hover_enabled=&#8221;0&#8243; global_colors_info=&#8221;{}&#8221; sticky_enabled=&#8221;0&#8243;]<\/p>\n<p>Voit ottaa TUOn h\u00e4irint\u00e4yhdyshenkil\u00f6\u00f6n yhteytt\u00e4, mik\u00e4li tarvitset puolueettoman kuulijan huolillesi. H\u00e4irint\u00e4yhdyshenkil\u00f6t antavat my\u00f6s tukea h\u00e4irint\u00e4- tai yhdenvertaisuusasioiden eteenp\u00e4in viemiseen. <span data-teams=\"true\">Kaikki keskustelut ovat luottamuksellisia eik\u00e4 niist\u00e4 tehd\u00e4 muistiinpanoja. Ainoan poikkeuksen muodostavat tilanteet, joissa opiskelijaan itseens\u00e4 tai muuhun korkeakouluyhteis\u00f6\u00f6n kohdistuu v\u00e4kivallan uhka.<\/span><\/p>\n<p>Voit ottaa yhteytt\u00e4 h\u00e4irint\u00e4yhdyshenkil\u00f6ihin <a href=\"https:\/\/forms.cloud.microsoft\/Pages\/ResponsePage.aspx?id=hrwyq_ISOEuyYsV3WYLiQeSDfQ7wFmlOh7GmSyEnwitUMlFJVFFCQVo5UUI3S0tGUENPR0Y5QjBPTi4u\" target=\"_blank\" rel=\"noopener\">lomakkeen kautta<\/a> tai s\u00e4hk\u00f6postitse.<\/p>\n<p>[\/et_pb_text][\/et_pb_column][et_pb_column type=&#8221;1_5&#8243; _builder_version=&#8221;4.17.6&#8243; _module_preset=&#8221;default&#8221; global_colors_info=&#8221;{}&#8221;][et_pb_team_member name=&#8221;Olga Hellman&#8221; position=&#8221;Hallituksen pj&#8221; image_url=&#8221;https:\/\/opiskelijakunta.net\/wp-content\/uploads\/2026\/01\/Hallituskuvat-kotisivuille-2026.png&#8221; _builder_version=&#8221;4.27.4&#8243; _module_preset=&#8221;default&#8221; header_font=&#8221;|600||on|||||&#8221; header_text_align=&#8221;center&#8221; header_text_color=&#8221;#00AEC7&#8243; body_text_align=&#8221;center&#8221; position_font=&#8221;|600||on|||||&#8221; position_text_align=&#8221;center&#8221; position_text_color=&#8221;#00AEC7&#8243; position_font_size=&#8221;15px&#8221; width=&#8221;270px&#8221; module_alignment=&#8221;center&#8221; border_radii_image=&#8221;on|200px|200px|200px|200px&#8221; border_color_all_image=&#8221;#00AEC7&#8243; box_shadow_style_image=&#8221;preset1&#8243; global_colors_info=&#8221;{}&#8221;]<\/p>\n<p><a href=\"mailto:olga.u.hellman@turkuamk.fi\">olga.u.hellman@turkuamk.fi<\/a><\/p>\n<p>[\/et_pb_team_member][et_pb_team_member name=&#8221;Jasmin Anttila&#8221; position=&#8221;Hallituksen j\u00e4sen&#8221; image_url=&#8221;https:\/\/opiskelijakunta.net\/wp-content\/uploads\/2025\/01\/4_108.png&#8221; _builder_version=&#8221;4.27.4&#8243; _module_preset=&#8221;default&#8221; header_font=&#8221;|600||on|||||&#8221; header_text_align=&#8221;center&#8221; header_text_color=&#8221;#00AEC7&#8243; body_text_align=&#8221;center&#8221; position_font=&#8221;|600||on|||||&#8221; position_text_align=&#8221;center&#8221; position_text_color=&#8221;#00AEC7&#8243; position_font_size=&#8221;15px&#8221; width=&#8221;270px&#8221; module_alignment=&#8221;center&#8221; border_radii_image=&#8221;on|200px|200px|200px|200px&#8221; border_color_all_image=&#8221;#00AEC7&#8243; box_shadow_style_image=&#8221;preset1&#8243; global_colors_info=&#8221;{}&#8221;]<\/p>\n<p><a href=\"mailto:jasmin.anttila1@turkuamk.fi\" target=\"_blank\" rel=\"noopener\">jasmin.anttila1@turkuamk.fi<\/a><\/p>\n<p>[\/et_pb_team_member][\/et_pb_column][et_pb_column type=&#8221;1_5&#8243; _builder_version=&#8221;4.17.6&#8243; _module_preset=&#8221;default&#8221; global_colors_info=&#8221;{}&#8221;][et_pb_team_member name=&#8221;Toni Haila&#8221; position=&#8221;Hallituksen j\u00e4sen&#8221; image_url=&#8221;https:\/\/opiskelijakunta.net\/wp-content\/uploads\/2026\/01\/Hallituskuvat-kotisivuille-2026-7.png&#8221; disabled_on=&#8221;off|off|off&#8221; _builder_version=&#8221;4.27.4&#8243; _module_preset=&#8221;default&#8221; header_font=&#8221;|600||on|||||&#8221; header_text_align=&#8221;center&#8221; header_text_color=&#8221;#00AEC7&#8243; body_text_align=&#8221;center&#8221; position_font=&#8221;|600||on|||||&#8221; position_text_align=&#8221;center&#8221; position_text_color=&#8221;#00AEC7&#8243; position_font_size=&#8221;15px&#8221; width=&#8221;270px&#8221; module_alignment=&#8221;center&#8221; border_radii_image=&#8221;on|200px|200px|200px|200px&#8221; border_color_all_image=&#8221;#00AEC7&#8243; box_shadow_style_image=&#8221;preset1&#8243; global_colors_info=&#8221;{}&#8221;]<\/p>\n<p><a href=\"mailto:toni.haila1@turkuamk.fi\" target=\"_blank\" rel=\"noopener\">toni.haila1@turkuamk.fi<\/a><\/p>\n<p>[\/et_pb_team_member][et_pb_team_member name=&#8221;Ville Soikkeli&#8221; position=&#8221;Edustajiston vpj&#8221; image_url=&#8221;https:\/\/opiskelijakunta.net\/wp-content\/uploads\/2026\/01\/Hallituskuvat-kotisivuille-2026-8.png&#8221; disabled_on=&#8221;off|off|off&#8221; _builder_version=&#8221;4.27.4&#8243; _module_preset=&#8221;default&#8221; header_font=&#8221;|600||on|||||&#8221; header_text_align=&#8221;center&#8221; header_text_color=&#8221;#00AEC7&#8243; body_text_align=&#8221;center&#8221; position_font=&#8221;|600||on|||||&#8221; position_text_align=&#8221;center&#8221; position_text_color=&#8221;#00AEC7&#8243; position_font_size=&#8221;15px&#8221; width=&#8221;270px&#8221; module_alignment=&#8221;center&#8221; border_radii_image=&#8221;on|200px|200px|200px|200px&#8221; border_color_all_image=&#8221;#00AEC7&#8243; box_shadow_style_image=&#8221;preset1&#8243; global_colors_info=&#8221;{}&#8221;]<\/p>\n<p><a href=\"mailto:ville.soikkeli1@turkuamk.fi\" target=\"_blank\" rel=\"noopener\">ville.soikkeli1@turkuamk.fi<\/a><\/p>\n<p>[\/et_pb_team_member][\/et_pb_column][\/et_pb_row][\/et_pb_section][et_pb_section fb_built=&#8221;1&#8243; admin_label=&#8221;edustajat&#8221; module_id=&#8221;edustajat&#8221; _builder_version=&#8221;4.17.6&#8243; _module_preset=&#8221;default&#8221; background_enable_color=&#8221;off&#8221; global_colors_info=&#8221;{}&#8221;][et_pb_row column_structure=&#8221;1_2,1_2&#8243; use_custom_gutter=&#8221;on&#8221; gutter_width=&#8221;2&#8243; make_equal=&#8221;on&#8221; custom_padding_last_edited=&#8221;on|phone&#8221; module_class=&#8221;reverse-columns-mobile&#8221; _builder_version=&#8221;4.17.6&#8243; _module_preset=&#8221;default&#8221; background_enable_color=&#8221;off&#8221; width=&#8221;90%&#8221; width_tablet=&#8221;95%&#8221; width_phone=&#8221;90%&#8221; width_last_edited=&#8221;on|phone&#8221; max_width=&#8221;1800px&#8221; custom_margin=&#8221;||||false|false&#8221; custom_padding=&#8221;||||false|false&#8221; custom_padding_tablet=&#8221;40px|40px|0px|40px|false|false&#8221; custom_padding_phone=&#8221;0px|0px|0px|0px|false|true&#8221; custom_css_main_element=&#8221;display: flex;||align-items: center;||flex-wrap: wrap;&#8221; global_colors_info=&#8221;{}&#8221;][et_pb_column type=&#8221;1_2&#8243; _builder_version=&#8221;4.17.6&#8243; _module_preset=&#8221;default&#8221; global_colors_info=&#8221;{}&#8221;][et_pb_text _builder_version=&#8221;4.17.6&#8243; _module_preset=&#8221;default&#8221; header_font=&#8221;Lato|900||on|||||&#8221; header_text_color=&#8221;#FFFFFF&#8221; header_font_size=&#8221;60px&#8221; header_letter_spacing=&#8221;4px&#8221; header_2_font=&#8221;Lato|900||on|||||&#8221; header_2_text_color=&#8221;#00AEC7&#8243; header_2_font_size=&#8221;50px&#8221; header_3_font=&#8221;Lato|900||on|||||&#8221; header_3_text_color=&#8221;#00AEC7&#8243; header_3_font_size=&#8221;35px&#8221; header_font_size_tablet=&#8221;55px&#8221; header_font_size_phone=&#8221;30px&#8221; header_font_size_last_edited=&#8221;on|phone&#8221; header_3_font_size_tablet=&#8221;35px&#8221; header_3_font_size_phone=&#8221;25px&#8221; header_3_font_size_last_edited=&#8221;on|phone&#8221; header_text_shadow_style=&#8221;preset1&#8243; global_colors_info=&#8221;{}&#8221;]<\/p>\n<h3>Opiskelijaedustajat<\/h3>\n<p>[\/et_pb_text][et_pb_text _builder_version=&#8221;4.17.6&#8243; _module_preset=&#8221;default&#8221; text_font_size=&#8221;16px&#8221; global_colors_info=&#8221;{}&#8221;]<\/p>\n<p><span>Opiskelijakunta TUO valitsee vuosittain opiskelijaedustajia erilaisiin t\u00e4rkeisiin vaikuttamisteht\u00e4viin niin korkeakoulun sis\u00e4ll\u00e4 kuin sen ulkopuolelle. N\u00e4m\u00e4 opiskelijayhteis\u00f6n supersankarit viev\u00e4t jokaisen Turku AMK:n opiskelijan n\u00e4kemyksi\u00e4 p\u00e4\u00e4tt\u00e4viin p\u00f6ytiin, joissa opiskelijoiden asioista tehd\u00e4\u00e4n p\u00e4\u00e4t\u00f6ksi\u00e4. Opiskelijaedustajan yksi t\u00e4rkeimmist\u00e4 teht\u00e4vist\u00e4 on tiet\u00e4\u00e4, mit\u00e4 ns. k\u00e4yt\u00e4vill\u00e4 puhutaan ja mihin tuli puuttua, jotta kaikilla olisi hyv\u00e4 opiskella sek\u00e4 olla korkeakoulu yhteis\u00f6ss\u00e4. T\u00e4t\u00e4 ty\u00f6t\u00e4 ei tietenk\u00e4\u00e4n tarvitse tehd\u00e4 yksin vaan TUOn henkil\u00f6st\u00f6 on aina tukena sek\u00e4 apuna aina kun tarvetta on. Olisitko sin\u00e4 seuraava opiskelijaedustaja, opiskelijoiden supersankari?<\/span><\/p>\n<p>[\/et_pb_text][\/et_pb_column][et_pb_column type=&#8221;1_2&#8243; _builder_version=&#8221;4.17.6&#8243; _module_preset=&#8221;default&#8221; global_colors_info=&#8221;{}&#8221;][et_pb_image src=&#8221;https:\/\/opiskelijakunta.net\/wp-content\/uploads\/2022\/10\/Nimeton-suunn.malli-9-min.jpg&#8221; title_text=&#8221;Nimet\u00f6n suunn.malli (9)-min&#8221; _builder_version=&#8221;4.17.6&#8243; _module_preset=&#8221;default&#8221; border_radii=&#8221;on|10px|10px|10px|10px&#8221; box_shadow_style=&#8221;preset2&#8243; global_colors_info=&#8221;{}&#8221;][\/et_pb_image][\/et_pb_column][\/et_pb_row][et_pb_row column_structure=&#8221;1_3,1_3,1_3&#8243; use_custom_gutter=&#8221;on&#8221; gutter_width=&#8221;2&#8243; make_equal=&#8221;on&#8221; custom_padding_last_edited=&#8221;on|phone&#8221; module_class=&#8221;gq_r_fixed_buttons&#8221; _builder_version=&#8221;4.17.6&#8243; _module_preset=&#8221;default&#8221; background_enable_color=&#8221;off&#8221; width=&#8221;90%&#8221; width_tablet=&#8221;95%&#8221; width_phone=&#8221;90%&#8221; width_last_edited=&#8221;on|phone&#8221; max_width=&#8221;1800px&#8221; custom_margin=&#8221;||||false|false&#8221; custom_padding=&#8221;||||false|false&#8221; custom_padding_tablet=&#8221;40px|40px|0px|40px|false|false&#8221; custom_padding_phone=&#8221;40px|0px|0px|0px|false|true&#8221; global_colors_info=&#8221;{}&#8221;][et_pb_column type=&#8221;1_3&#8243; _builder_version=&#8221;4.17.4&#8243; _module_preset=&#8221;default&#8221; global_colors_info=&#8221;{}&#8221;][et_pb_toggle title=&#8221;Turku AMK:n sis\u00e4iset &#8221; open_toggle_text_color=&#8221;#FFFFFF&#8221; icon_color=&#8221;#FFFFFF&#8221; use_icon_font_size=&#8221;on&#8221; icon_font_size=&#8221;25px&#8221; open_icon_color=&#8221;#FFFFFF&#8221; open_use_icon_font_size=&#8221;on&#8221; open_icon_font_size=&#8221;25px&#8221; _builder_version=&#8221;4.27.4&#8243; _module_preset=&#8221;default&#8221; title_text_color=&#8221;#FFFFFF&#8221; title_font=&#8221;|600|||||||&#8221; body_text_color=&#8221;#FFFFFF&#8221; body_font_size=&#8221;16px&#8221; body_link_text_color=&#8221;#FFD900&#8243; background_color=&#8221;#00AEC7&#8243; border_radii=&#8221;on|10px|10px|10px|10px&#8221; global_colors_info=&#8221;{}&#8221;]<\/p>\n<div class=\"[ component  wysiwyg ]  [ wysiwyg-wrapper ]\">\n<p><strong>Tutkintolautakunta<br \/><\/strong>Marko Gr\u00f6nlund<\/p>\n<p><strong>Opintoasioiden lautakunta<br \/><\/strong>Juulia Santanen<strong><br \/><\/strong>Vara: Marko Gr\u00f6nlund<\/p>\n<p><span class=\"[ single-person-half__name ]\"><strong>Turun ammattikorkeakoulun OY:n hallitus<\/strong><br \/><span data-teams=\"true\"><span class=\"[ single-person-half__title ]\">Opiskelijaedustaja <\/span>Cia Lehtola<\/span><\/span><span class=\"[ single-person-half__title ]\"><br \/>Turun AMK Oy:n hallitus<br \/><a href=\"mailto:cia.lehtola@edu.turkuamk.fi\"><span data-teams=\"true\">cia.lehtola@edu.turkuamk.fi<\/span><\/a><br \/><\/span><\/p>\n<\/div>\n<p>[\/et_pb_toggle][\/et_pb_column][et_pb_column type=&#8221;1_3&#8243; _builder_version=&#8221;4.17.4&#8243; _module_preset=&#8221;default&#8221; global_colors_info=&#8221;{}&#8221;][et_pb_toggle title=&#8221;Turku AMK:n ulkopuoliset&#8221; open_toggle_text_color=&#8221;#FFFFFF&#8221; icon_color=&#8221;#FFFFFF&#8221; use_icon_font_size=&#8221;on&#8221; icon_font_size=&#8221;25px&#8221; open_icon_color=&#8221;#FFFFFF&#8221; open_use_icon_font_size=&#8221;on&#8221; open_icon_font_size=&#8221;25px&#8221; _builder_version=&#8221;4.27.4&#8243; _module_preset=&#8221;default&#8221; title_text_color=&#8221;#FFFFFF&#8221; title_font=&#8221;|600|||||||&#8221; body_text_color=&#8221;#FFFFFF&#8221; body_font_size=&#8221;16px&#8221; body_link_text_color=&#8221;#FFD900&#8243; background_color=&#8221;#00AEC7&#8243; border_radii=&#8221;on|10px|10px|10px|10px&#8221; global_colors_info=&#8221;{}&#8221;]<\/p>\n<div class=\"[ component  wysiwyg ]  [ wysiwyg-wrapper ]\">\n<p class=\"[ component  heading  hyphenate  color--yellow ] Hyphenator109css3hyphenate\"><strong>Turun Ylioppilaskyl\u00e4s\u00e4\u00e4ti\u00f6n hallitus<\/strong><\/p>\n<p><span>Roosa Koli<\/span><\/p>\n<p><strong>Maakunnan yhteisty\u00f6ryhm\u00e4 (MYR)*<\/strong><br \/>Toni Saari<\/p>\n<p>* Varsinainen edustaja valitaan TUOsta joka toinen vuosi<\/p>\n<\/div>\n<p>[\/et_pb_toggle][\/et_pb_column][et_pb_column type=&#8221;1_3&#8243; _builder_version=&#8221;4.17.4&#8243; _module_preset=&#8221;default&#8221; global_colors_info=&#8221;{}&#8221;][et_pb_toggle title=&#8221;YTHS&#8221; open_toggle_text_color=&#8221;#FFFFFF&#8221; icon_color=&#8221;#FFFFFF&#8221; use_icon_font_size=&#8221;on&#8221; icon_font_size=&#8221;25px&#8221; open_icon_color=&#8221;#FFFFFF&#8221; open_use_icon_font_size=&#8221;on&#8221; open_icon_font_size=&#8221;25px&#8221; _builder_version=&#8221;4.27.4&#8243; _module_preset=&#8221;default&#8221; title_text_color=&#8221;#FFFFFF&#8221; title_font=&#8221;|600|||||||&#8221; body_text_color=&#8221;#FFFFFF&#8221; body_font_size=&#8221;16px&#8221; body_link_text_color=&#8221;#FFD900&#8243; background_color=&#8221;#00AEC7&#8243; border_radii=&#8221;on|10px|10px|10px|10px&#8221; global_colors_info=&#8221;{}&#8221;]<\/p>\n<p class=\"[ component  heading  hyphenate  color--yellow ] Hyphenator109css3hyphenate\"><b>YTHS valtuuskunnan j\u00e4sen<\/b><\/p>\n<p class=\"[ component  heading  hyphenate  color--yellow ] Hyphenator109css3hyphenate\">Marko Gr\u00f6nlund<\/p>\n<p>[\/et_pb_toggle][\/et_pb_column][\/et_pb_row][\/et_pb_section][et_pb_section fb_built=&#8221;1&#8243; admin_label=&#8221;aktiivit&#8221; module_id=&#8221;aktiivit&#8221; _builder_version=&#8221;4.17.6&#8243; _module_preset=&#8221;default&#8221; background_color=&#8221;#fafafa&#8221; custom_padding=&#8221;||||false|false&#8221; global_colors_info=&#8221;{}&#8221;][et_pb_row column_structure=&#8221;1_2,1_2&#8243; use_custom_gutter=&#8221;on&#8221; gutter_width=&#8221;2&#8243; make_equal=&#8221;on&#8221; custom_padding_last_edited=&#8221;on|phone&#8221; _builder_version=&#8221;4.17.6&#8243; _module_preset=&#8221;default&#8221; background_enable_color=&#8221;off&#8221; width=&#8221;90%&#8221; width_tablet=&#8221;95%&#8221; width_phone=&#8221;90%&#8221; width_last_edited=&#8221;on|phone&#8221; max_width=&#8221;1800px&#8221; custom_margin=&#8221;||||false|false&#8221; custom_padding=&#8221;||||false|false&#8221; custom_padding_tablet=&#8221;40px|40px|0px|40px|false|false&#8221; custom_padding_phone=&#8221;0px|0px|0px|0px|false|true&#8221; custom_css_main_element=&#8221;display: flex;||align-items: center;||flex-wrap: wrap;&#8221; global_colors_info=&#8221;{}&#8221;][et_pb_column type=&#8221;1_2&#8243; _builder_version=&#8221;4.17.6&#8243; _module_preset=&#8221;default&#8221; global_colors_info=&#8221;{}&#8221;][et_pb_image src=&#8221;https:\/\/opiskelijakunta.net\/wp-content\/uploads\/2022\/10\/Nimeton-suunn.malli-8-min.jpg&#8221; title_text=&#8221;Nimet\u00f6n suunn.malli (8)-min&#8221; _builder_version=&#8221;4.17.6&#8243; _module_preset=&#8221;default&#8221; border_radii=&#8221;on|10px|10px|10px|10px&#8221; box_shadow_style=&#8221;preset2&#8243; global_colors_info=&#8221;{}&#8221;][\/et_pb_image][\/et_pb_column][et_pb_column type=&#8221;1_2&#8243; _builder_version=&#8221;4.17.6&#8243; _module_preset=&#8221;default&#8221; global_colors_info=&#8221;{}&#8221;][et_pb_text _builder_version=&#8221;4.17.6&#8243; _module_preset=&#8221;default&#8221; header_font=&#8221;Lato|900||on|||||&#8221; header_text_color=&#8221;#FFFFFF&#8221; header_font_size=&#8221;60px&#8221; header_letter_spacing=&#8221;4px&#8221; header_2_font=&#8221;Lato|900||on|||||&#8221; header_2_text_color=&#8221;#00AEC7&#8243; header_2_font_size=&#8221;50px&#8221; header_3_font=&#8221;Lato|900||on|||||&#8221; header_3_text_color=&#8221;#00AEC7&#8243; header_3_font_size=&#8221;35px&#8221; header_font_size_tablet=&#8221;55px&#8221; header_font_size_phone=&#8221;30px&#8221; header_font_size_last_edited=&#8221;on|phone&#8221; header_3_font_size_tablet=&#8221;35px&#8221; header_3_font_size_phone=&#8221;27px&#8221; header_3_font_size_last_edited=&#8221;on|phone&#8221; header_text_shadow_style=&#8221;preset1&#8243; global_colors_info=&#8221;{}&#8221;]<\/p>\n<h3>TUOn Aktiivit<\/h3>\n<p>[\/et_pb_text][et_pb_text _builder_version=&#8221;4.23.1&#8243; _module_preset=&#8221;default&#8221; text_font_size=&#8221;16px&#8221; global_colors_info=&#8221;{}&#8221;]<span>TUOn aktiivina p\u00e4\u00e4set ideoimaan ja j\u00e4rjest\u00e4m\u00e4\u00e4n vapaa-ajan toimintaa yhdess\u00e4 TUOn hallituksen j\u00e4senten kanssa. Opiskelijakunnalla on vakiintunut tapahtumien kirjo, mutta my\u00f6s uusia ja raikkaita ideoita kaivataan! Aktiivitoimintaan voit osallistua omalla haluamallasi panoksella. Jos haluat mukaan, heit\u00e4 s\u00e4hk\u00f6postilla\u00a0<\/span><strong>tuo@opiskelijakunta.net <\/strong>ja<span>\u00a0liity <\/span><a href=\"https:\/\/chat.whatsapp.com\/EWKs4FqlalK9txTomM4L5Z\">TUO-yhteis\u00f6n WhatsApp-ryhm\u00e4\u00e4n.<\/a>[\/et_pb_text][\/et_pb_column][\/et_pb_row][\/et_pb_section][et_pb_section fb_built=&#8221;1&#8243; disabled_on=&#8221;on|on|on&#8221; admin_label=&#8221;johtoryhma&#8221; module_id=&#8221;johtoryhma&#8221; _builder_version=&#8221;4.23&#8243; _module_preset=&#8221;default&#8221; background_enable_color=&#8221;off&#8221; disabled=&#8221;on&#8221; global_colors_info=&#8221;{}&#8221;][et_pb_row column_structure=&#8221;1_2,1_2&#8243; use_custom_gutter=&#8221;on&#8221; gutter_width=&#8221;2&#8243; make_equal=&#8221;on&#8221; custom_padding_last_edited=&#8221;on|phone&#8221; module_class=&#8221;reverse-columns-mobile&#8221; _builder_version=&#8221;4.17.6&#8243; _module_preset=&#8221;default&#8221; background_enable_color=&#8221;off&#8221; width=&#8221;90%&#8221; width_tablet=&#8221;95%&#8221; width_phone=&#8221;90%&#8221; width_last_edited=&#8221;on|phone&#8221; max_width=&#8221;1800px&#8221; custom_margin=&#8221;||||false|false&#8221; custom_padding=&#8221;||||false|false&#8221; custom_padding_tablet=&#8221;40px|40px|0px|40px|false|false&#8221; custom_padding_phone=&#8221;0px|0px|0px|0px|false|true&#8221; global_colors_info=&#8221;{}&#8221;][et_pb_column type=&#8221;1_2&#8243; _builder_version=&#8221;4.17.6&#8243; _module_preset=&#8221;default&#8221; global_colors_info=&#8221;{}&#8221;][et_pb_toggle title=&#8221;Tekniikka ja liiketoiminta&#8221; open_toggle_text_color=&#8221;#FFFFFF&#8221; icon_color=&#8221;#FFFFFF&#8221; use_icon_font_size=&#8221;on&#8221; icon_font_size=&#8221;25px&#8221; open_icon_color=&#8221;#FFFFFF&#8221; open_use_icon_font_size=&#8221;on&#8221; open_icon_font_size=&#8221;25px&#8221; _builder_version=&#8221;4.22.1&#8243; _module_preset=&#8221;default&#8221; title_text_color=&#8221;#FFFFFF&#8221; title_font=&#8221;|600|||||||&#8221; body_text_color=&#8221;#FFFFFF&#8221; body_font_size=&#8221;16px&#8221; body_link_text_color=&#8221;#FFD900&#8243; background_color=&#8221;#00AEC7&#8243; border_radii=&#8221;on|10px|10px|10px|10px&#8221; global_colors_info=&#8221;{}&#8221;]<\/p>\n<div class=\"[ component  wysiwyg ]  [ wysiwyg-wrapper ]\">\n<ul>\n<li>Degree programme in International Business (1 paikka): <span>Paikka auki!<\/span><\/li>\n<li>Degree programme in Information and Communications Technology (1 paikka): <span>Paikka auki!<\/span><\/li>\n<li>Liiketalous, Turku (1 paikka): <span>Noora L\u00e4ntinen<\/span><\/li>\n<li>Liiketalous, Salo (1 paikka): <span>Paikka auki!<\/span><\/li>\n<li>Myyntity\u00f6 (1 paikka): <span>Oskari Sahlman<\/span><\/li>\n<li>Liiketoiminnan logistiikka (1 paikka): <span>Paikka auki!<\/span><\/li>\n<li>Tietojenk\u00e4sittely (1 paikka): Riina Hahko<\/li>\n<li>Tieto- ja viestint\u00e4tekniikka (1 paikka): <span>Henna Helin<\/span><\/li>\n<li>Ajoneuvo- ja kuljetustekniikka (1 paikka): <span>Paikka auki!<\/span><\/li>\n<li>Energia- ja ymp\u00e4rist\u00f6tekniikka (1 paikka): Henna-Leena Lindberg<\/li>\n<li>Konetekniikka (1 paikka): <span>Riina Vainio<\/span><\/li>\n<li>Prosessi- ja materiaalitekniikka (1 paikka): <span>Paikka auki!<\/span><\/li>\n<li>Rakennus- ja yhdyskuntatekniikka (1 paikka): <span>Satto Josefina<\/span><\/li>\n<li>Tuotantotalous (1 paikka): <span>Paikka auki!<\/span><\/li>\n<li>Rakennus- ja yhdyskuntatekniikka, rakennusmestari (1 paikka): Paikka auki!<\/li>\n<\/ul>\n<p>Laita viesti\u00e4 avoimista paikoista <a href=\"mailto:tuo@opiskelijakunta.net,\">jukka.salmela@opiskelijakunta.net<\/a>, niin sinusta voi tulla seuraava opiskelijoiden supersankari!<\/p>\n<\/div>\n<p>[\/et_pb_toggle][et_pb_toggle title=&#8221;Terveys ja hyvinvointi&#8221; open_toggle_text_color=&#8221;#FFFFFF&#8221; icon_color=&#8221;#FFFFFF&#8221; use_icon_font_size=&#8221;on&#8221; icon_font_size=&#8221;25px&#8221; open_icon_color=&#8221;#FFFFFF&#8221; open_use_icon_font_size=&#8221;on&#8221; open_icon_font_size=&#8221;25px&#8221; _builder_version=&#8221;4.20.0&#8243; _module_preset=&#8221;default&#8221; title_text_color=&#8221;#FFFFFF&#8221; title_font=&#8221;|600|||||||&#8221; body_text_color=&#8221;#FFFFFF&#8221; body_font_size=&#8221;16px&#8221; body_link_text_color=&#8221;#FFD900&#8243; background_color=&#8221;#00AEC7&#8243; border_radii=&#8221;on|10px|10px|10px|10px&#8221; global_colors_info=&#8221;{}&#8221;]<\/p>\n<div class=\"[ component  wysiwyg ]  [ wysiwyg-wrapper ]\">\n<ul>\n<li>Hammasteknikko \/ Suuhygienisti (1 paikka): Paikka auki!<\/li>\n<li>Bioanalyytikko \/ R\u00f6ntgenhoitaja (1 paikka): Simo Syrj\u00e4<\/li>\n<li>Fysioterapeutti \/ Toimintaterapeutti (1 paikka): Sonja Rouvali<\/li>\n<li>Sosiaalikasvatus (1 paikka): Rosa Hynynen<\/li>\n<li>Terveydenhoitaja \/ K\u00e4til\u00f6 \/ Ensihoitaja (1 paikka): Paikka auki!<\/li>\n<li>Sairaanhoitaja, Turku &amp; Salo (2 paikkaa): Sara Lamminen, Salon paikka auki<\/li>\n<li>Master School (1 paikka): Paikka auki!<\/li>\n<\/ul>\n<p>Laita viesti\u00e4 avoimista paikoista <a href=\"mailto:jukka.salmela@opiskelijakunta.net\">jukka.salmela@opiskelijakunta.net<\/a>, niin sinusta voi tulla seuraava opiskelijoiden supersankari!<\/p>\n<\/div>\n<p>[\/et_pb_toggle][et_pb_toggle title=&#8221;Taideakatemia&#8221; open_toggle_text_color=&#8221;#FFFFFF&#8221; icon_color=&#8221;#FFFFFF&#8221; use_icon_font_size=&#8221;on&#8221; icon_font_size=&#8221;25px&#8221; open_icon_color=&#8221;#FFFFFF&#8221; open_use_icon_font_size=&#8221;on&#8221; open_icon_font_size=&#8221;25px&#8221; _builder_version=&#8221;4.19.2&#8243; _module_preset=&#8221;default&#8221; title_text_color=&#8221;#FFFFFF&#8221; title_font=&#8221;|600|||||||&#8221; body_text_color=&#8221;#FFFFFF&#8221; body_font_size=&#8221;16px&#8221; body_link_text_color=&#8221;#FFD900&#8243; background_color=&#8221;#00AEC7&#8243; border_radii=&#8221;on|10px|10px|10px|10px&#8221; global_colors_info=&#8221;{}&#8221;]<\/p>\n<div class=\"[ component  wysiwyg ]  [ wysiwyg-wrapper ]\">\n<ul>\n<li>Kuvataide (kuvataide 1 paikka, valokuva 1 paikka, animaatio 1 paikka): yhteens\u00e4 3 paikkaa: Paikka auki!<\/li>\n<li>Media-ala (elokuva 1 paikka, journalismi 1 paikka, mainonnan suunnittelu 1 paikka, tuotanto ja projektihallinta 1 paikka): yhteens\u00e4 4 paikkaa: Paikka auki!<\/li>\n<li>Esitt\u00e4v\u00e4t taiteet (musiikki 1 paikka, tanssi 1 paikka, sirkus 1 paikka, teatteri 1 paikka): yhteens\u00e4 4 paikkaa: Paikka auki!<\/li>\n<\/ul>\n<p>Laita viesti\u00e4 avoimista paikoista <a href=\"mailto:jukka.salmela@opiskelijakunta.net\">jukka.salmela@opiskelijakunta.net<\/a>, niin sinusta voi tulla seuraava opiskelijoiden supersankari!<\/p>\n<\/div>\n<p>[\/et_pb_toggle][\/et_pb_column][et_pb_column type=&#8221;1_2&#8243; _builder_version=&#8221;4.17.6&#8243; _module_preset=&#8221;default&#8221; global_colors_info=&#8221;{}&#8221;][et_pb_text _builder_version=&#8221;4.17.6&#8243; _module_preset=&#8221;default&#8221; header_font=&#8221;Lato|900||on|||||&#8221; header_text_color=&#8221;#FFFFFF&#8221; header_font_size=&#8221;60px&#8221; header_letter_spacing=&#8221;4px&#8221; header_2_font=&#8221;Lato|900||on|||||&#8221; header_2_text_color=&#8221;#00AEC7&#8243; header_2_font_size=&#8221;50px&#8221; header_3_font=&#8221;Lato|900||on|||||&#8221; header_3_text_color=&#8221;#00AEC7&#8243; header_3_font_size=&#8221;35px&#8221; header_font_size_tablet=&#8221;55px&#8221; header_font_size_phone=&#8221;30px&#8221; header_font_size_last_edited=&#8221;on|phone&#8221; header_3_font_size_tablet=&#8221;35px&#8221; header_3_font_size_phone=&#8221;24px&#8221; header_3_font_size_last_edited=&#8221;on|phone&#8221; header_text_shadow_style=&#8221;preset1&#8243; global_colors_info=&#8221;{}&#8221;]<\/p>\n<h3>Johtoryhm\u00e4vastaavat<\/h3>\n<p>[\/et_pb_text][et_pb_text _builder_version=&#8221;4.17.6&#8243; _module_preset=&#8221;default&#8221; text_font_size=&#8221;16px&#8221; global_colors_info=&#8221;{}&#8221;]<\/p>\n<p><span>Johtoryhm\u00e4vastaavat toimivat sanansaattajina oman sektorinsa opiskelijoiden ja henkil\u00f6st\u00f6n v\u00e4lill\u00e4. Vastaavan yksit\u00e4rkeimmist\u00e4 teht\u00e4vist\u00e4 on kuunnella k\u00e4yt\u00e4vilt\u00e4 kuuluvia haasteita koulutukseen liittyen tai muuhun toimintaan ja ker\u00e4t\u00e4 niin yl\u00f6s, jotta niit\u00e4 voi kokouksissa nostaa k\u00e4sitelt\u00e4v\u00e4ksi.<\/span><\/p>\n<p><span>Sektorin sis\u00e4ll\u00e4 on kuukausittainen tapaaminen yhdess\u00e4 koulun edustajan ja johtoryhm\u00e4vastaavien kanssa, t\u00e4m\u00e4n lis\u00e4ksi vastaavat p\u00e4\u00e4sev\u00e4t osallistumaan sektorinsa johtoryhm\u00e4n tapaamisiin kaksi kertaa vuodessa.<\/span><\/p>\n<p><span>Opiskelijakunta kouluttaa kaikki johtoryhm\u00e4vastaavat sek\u00e4 tukee ja auttaa heit\u00e4 toiminnassa koko vuoden. Muutetaan asioita yhdess\u00e4!\u00a0<\/span><\/p>\n<p>[\/et_pb_text][\/et_pb_column][\/et_pb_row][\/et_pb_section][et_pb_section fb_built=&#8221;1&#8243; disabled_on=&#8221;off|off|off&#8221; admin_label=&#8221;johtoryhma&#8221; module_id=&#8221;johtoryhma&#8221; _builder_version=&#8221;4.23&#8243; _module_preset=&#8221;default&#8221; background_enable_color=&#8221;off&#8221; global_colors_info=&#8221;{}&#8221;][et_pb_row column_structure=&#8221;1_2,1_2&#8243; use_custom_gutter=&#8221;on&#8221; gutter_width=&#8221;2&#8243; make_equal=&#8221;on&#8221; custom_padding_last_edited=&#8221;on|phone&#8221; module_class=&#8221;reverse-columns-mobile&#8221; _builder_version=&#8221;4.17.6&#8243; _module_preset=&#8221;default&#8221; background_enable_color=&#8221;off&#8221; width=&#8221;90%&#8221; width_tablet=&#8221;95%&#8221; width_phone=&#8221;90%&#8221; width_last_edited=&#8221;on|phone&#8221; max_width=&#8221;1800px&#8221; custom_margin=&#8221;||||false|false&#8221; custom_padding=&#8221;||||false|false&#8221; custom_padding_tablet=&#8221;40px|40px|0px|40px|false|false&#8221; custom_padding_phone=&#8221;0px|0px|0px|0px|false|true&#8221; global_colors_info=&#8221;{}&#8221;][et_pb_column type=&#8221;1_2&#8243; _builder_version=&#8221;4.17.6&#8243; _module_preset=&#8221;default&#8221; global_colors_info=&#8221;{}&#8221;][et_pb_toggle title=&#8221;Tekniikka ja liiketoiminta&#8221; open_toggle_text_color=&#8221;#FFFFFF&#8221; icon_color=&#8221;#FFFFFF&#8221; use_icon_font_size=&#8221;on&#8221; icon_font_size=&#8221;25px&#8221; open_icon_color=&#8221;#FFFFFF&#8221; open_use_icon_font_size=&#8221;on&#8221; open_icon_font_size=&#8221;25px&#8221; _builder_version=&#8221;4.24.2&#8243; _module_preset=&#8221;default&#8221; title_text_color=&#8221;#FFFFFF&#8221; title_font=&#8221;|600|||||||&#8221; body_text_color=&#8221;#FFFFFF&#8221; body_font_size=&#8221;16px&#8221; body_link_text_color=&#8221;#FFD900&#8243; background_color=&#8221;#00AEC7&#8243; border_radii=&#8221;on|10px|10px|10px|10px&#8221; global_colors_info=&#8221;{}&#8221;]<\/p>\n<div class=\"[ component  wysiwyg ]  [ wysiwyg-wrapper ]\">\n<ul>\n<li>Degree programme in International Business (1 paikka): <span data-teams=\"true\">Enrique Romero Valderrama<\/span><\/li>\n<li>Degree programme in Information and Communications Technology (1 paikka): <span data-teams=\"true\">Artturi Lunnas<\/span><\/li>\n<li>Liiketalous, Turku (1 paikka): <span data-teams=\"true\">Henna K\u00e4\u00e4nt\u00f6<\/span><\/li>\n<li>Myyntity\u00f6 (1 paikka): <span>Paikka auki!<\/span><\/li>\n<li>Liiketoiminnan logistiikka (1 paikka): <span data-teams=\"true\">Tony Paldan<\/span><\/li>\n<li>Tietojenk\u00e4sittely (1 paikka): <span data-teams=\"true\">Iitu Kuusrainen<\/span><\/li>\n<li>Tieto- ja viestint\u00e4tekniikka (1 paikka): <span data-teams=\"true\">Sara Sandberg<\/span><\/li>\n<li>Ajoneuvo- ja kuljetustekniikka (1 paikka): <span data-teams=\"true\">Roope Autio<\/span><\/li>\n<li>Energia- ja ymp\u00e4rist\u00f6tekniikka (1 paikka): <span data-teams=\"true\">Oona Kaarmela<\/span><\/li>\n<li>Konetekniikka (1 paikka): P<span data-teams=\"true\">etteri Alatalo<\/span><\/li>\n<li>S\u00e4hk\u00f6- ja automaatiotekniikka (1 paikka): <span data-teams=\"true\">Eetu P\u00e4rssinen<\/span><\/li>\n<li>Prosessi- ja materiaalitekniikka (1 paikka): <span data-teams=\"true\">Linda Aholainen<\/span><\/li>\n<li>Rakennus- ja yhdyskuntatekniikka (1 paikka): Paikka auki!<\/li>\n<li>Tuotantotalous (1 paikka): <span data-teams=\"true\">Tuomas M\u00e4kel\u00e4<\/span><\/li>\n<li>Rakennus- ja yhdyskuntatekniikka, rakennusmestari (1 paikka): Josefina Satto<\/li>\n<li>Finassipalvelut (1 paikka):\u00a0 Henri Tran<\/li>\n<li>Rakennusarkkitehti (1 paikka): Mio Luukkonen<\/li>\n<li>Taloushallinto (1 paikka): Miska Risku<\/li>\n<li>Matkailu ja wellness liiketoimintana (1 paikka): Juulia Tuomenharju<\/li>\n<\/ul>\n<p>Laita viesti\u00e4 avoimista paikoista <a href=\"mailto:edunvalvonta@opiskelijakunta.net\">edunvalvonta@opiskelijakunta.net<\/a>, niin sinusta voi tulla seuraava opiskelijoiden supersankari!<\/p>\n<\/div>\n<p>[\/et_pb_toggle][et_pb_toggle title=&#8221;Terveys ja hyvinvointi&#8221; open_toggle_text_color=&#8221;#FFFFFF&#8221; icon_color=&#8221;#FFFFFF&#8221; use_icon_font_size=&#8221;on&#8221; icon_font_size=&#8221;25px&#8221; open_icon_color=&#8221;#FFFFFF&#8221; open_use_icon_font_size=&#8221;on&#8221; open_icon_font_size=&#8221;25px&#8221; _builder_version=&#8221;4.24.2&#8243; _module_preset=&#8221;default&#8221; title_text_color=&#8221;#FFFFFF&#8221; title_font=&#8221;|600|||||||&#8221; body_text_color=&#8221;#FFFFFF&#8221; body_font_size=&#8221;16px&#8221; body_link_text_color=&#8221;#FFD900&#8243; background_color=&#8221;#00AEC7&#8243; border_radii=&#8221;on|10px|10px|10px|10px&#8221; global_colors_info=&#8221;{}&#8221;]<\/p>\n<div class=\"[ component  wysiwyg ]  [ wysiwyg-wrapper ]\">\n<ul>\n<li>Hammasteknikko \/ Suuhygienisti (1 paikka): Paikka auki!<\/li>\n<li>Bioanalyytikko \/ R\u00f6ntgenhoitaja (1 paikka): Paikka auki!<\/li>\n<li>Fysioterapeutti \/ Toimintaterapeutti (1 paikka): Paikka auki!<\/li>\n<li>Sosiaalikasvatus (1 paikka): Rosa Hynynen<\/li>\n<li>Terveydenhoitaja \/ K\u00e4til\u00f6 \/ Ensihoitaja (1 paikka): Paikka auki!<\/li>\n<li>Sairaanhoitaja, Turku &amp; Salo (2 paikkaa): Jesse M\u00e4ki, yksi paikka auki!<\/li>\n<li>Master School (1 paikka): Paikka auki!<\/li>\n<\/ul>\n<p>Laita viesti\u00e4 avoimista paikoista <a href=\"mailto:edunvalvonta@opiskelijakunta.net\">edunvalvonta@opiskelijakunta.net<\/a>, niin sinusta voi tulla seuraava opiskelijoiden supersankari!<\/p>\n<\/div>\n<p>[\/et_pb_toggle][et_pb_toggle title=&#8221;Taideakatemia&#8221; open_toggle_text_color=&#8221;#FFFFFF&#8221; icon_color=&#8221;#FFFFFF&#8221; use_icon_font_size=&#8221;on&#8221; icon_font_size=&#8221;25px&#8221; open_icon_color=&#8221;#FFFFFF&#8221; open_use_icon_font_size=&#8221;on&#8221; open_icon_font_size=&#8221;25px&#8221; _builder_version=&#8221;4.24.2&#8243; _module_preset=&#8221;default&#8221; title_text_color=&#8221;#FFFFFF&#8221; title_font=&#8221;|600|||||||&#8221; body_text_color=&#8221;#FFFFFF&#8221; body_font_size=&#8221;16px&#8221; body_link_text_color=&#8221;#FFD900&#8243; background_color=&#8221;#00AEC7&#8243; border_radii=&#8221;on|10px|10px|10px|10px&#8221; global_colors_info=&#8221;{}&#8221;]<\/p>\n<div class=\"[ component  wysiwyg ]  [ wysiwyg-wrapper ]\">\n<ul>\n<li>Kuvataide (kuvataide 1 paikka, valokuva 1 paikka, animaatio 1 paikka): yhteens\u00e4 3 paikkaa: Paikka auki!<\/li>\n<li>Media-ala (elokuva 1 paikka, journalismi 1 paikka, mainonnan suunnittelu 1 paikka, tuotanto ja projektihallinta 1 paikka): yhteens\u00e4 4 paikkaa: <span data-teams=\"true\">Santeri Rautiainen,<\/span> kolme paikkaa auki!<\/li>\n<li>Esitt\u00e4v\u00e4t taiteet (musiikki 1 paikka, tanssi 1 paikka, sirkus 1 paikka, teatteri 1 paikka): yhteens\u00e4 4 paikkaa: <span data-teams=\"true\">Jasmin Anttila kolme p<\/span>aikkaa auki!<\/li>\n<\/ul>\n<p>Laita viesti\u00e4 avoimista paikoista <a href=\"mailto:edunvalvonta@opiskelijakunta.net\">edunvalvonta@opiskelijakunta.net<\/a>, niin sinusta voi tulla seuraava opiskelijoiden supersankari!<\/p>\n<\/div>\n<p>[\/et_pb_toggle][\/et_pb_column][et_pb_column type=&#8221;1_2&#8243; _builder_version=&#8221;4.17.6&#8243; _module_preset=&#8221;default&#8221; global_colors_info=&#8221;{}&#8221;][et_pb_text _builder_version=&#8221;4.23&#8243; _module_preset=&#8221;default&#8221; header_font=&#8221;Lato|900||on|||||&#8221; header_text_color=&#8221;#FFFFFF&#8221; header_font_size=&#8221;60px&#8221; header_letter_spacing=&#8221;4px&#8221; header_2_font=&#8221;Lato|900||on|||||&#8221; header_2_text_color=&#8221;#00AEC7&#8243; header_2_font_size=&#8221;50px&#8221; header_3_font=&#8221;Lato|900||on|||||&#8221; header_3_text_color=&#8221;#00AEC7&#8243; header_3_font_size=&#8221;35px&#8221; header_font_size_tablet=&#8221;55px&#8221; header_font_size_phone=&#8221;30px&#8221; header_font_size_last_edited=&#8221;on|phone&#8221; header_3_font_size_tablet=&#8221;35px&#8221; header_3_font_size_phone=&#8221;24px&#8221; header_3_font_size_last_edited=&#8221;on|phone&#8221; header_text_shadow_style=&#8221;preset1&#8243; global_colors_info=&#8221;{}&#8221;]<\/p>\n<h3>Johtoryhm\u00e4vastaavat<\/h3>\n<p>[\/et_pb_text][et_pb_text _builder_version=&#8221;4.24.2&#8243; _module_preset=&#8221;default&#8221; text_font_size=&#8221;16px&#8221; global_colors_info=&#8221;{}&#8221;]<\/p>\n<p><span>Johtoryhm\u00e4vastaavat toimivat sanansaattajina oman sektorinsa opiskelijoiden ja henkil\u00f6st\u00f6n v\u00e4lill\u00e4. Vastaavan yksi t\u00e4rkeimmist\u00e4 teht\u00e4vist\u00e4 on kuunnella k\u00e4yt\u00e4vilt\u00e4 kuuluvia haasteita koulutukseen liittyen tai muuhun toimintaan ja ker\u00e4t\u00e4 niin yl\u00f6s, jotta niit\u00e4 voi kokouksissa nostaa k\u00e4sitelt\u00e4v\u00e4ksi.<\/span><\/p>\n<p><span>Sektorin sis\u00e4ll\u00e4 on kuukausittainen tapaaminen yhdess\u00e4 koulun edustajan ja johtoryhm\u00e4vastaavien kanssa, t\u00e4m\u00e4n lis\u00e4ksi vastaavat p\u00e4\u00e4sev\u00e4t osallistumaan sektorinsa johtoryhm\u00e4n tapaamisiin kaksi kertaa vuodessa.<\/span><\/p>\n<p><span>Opiskelijakunta kouluttaa kaikki johtoryhm\u00e4vastaavat sek\u00e4 tukee ja auttaa heit\u00e4 toiminnassa koko vuoden. Muutetaan asioita yhdess\u00e4!\u00a0<\/span><\/p>\n<p>[\/et_pb_text][\/et_pb_column][\/et_pb_row][\/et_pb_section]<\/p>\n","protected":false},"excerpt":{"rendered":"<p>EdunvalvontaRatkaistaan ongelmat yhdess\u00e4Turun ammattikorkeakoulun opiskelijakunta \u2013 TUOn tarkoitus on valvoa opiskelijoiden etua ja tuoda opiskelijoiden \u00e4\u00e4ni kuuluviin ammattikorkeakoulussa ja kaupunkien p\u00e4\u00e4t\u00f6ksenteossa \u2013 Salossa ja Turussa. TUO on uskonnollisesti ja poliittisesti sitoutumaton sek\u00e4 ammattiyhdistyksist\u00e4 riippumaton. Voit k\u00e4\u00e4nty\u00e4 TUOn puoleen aina, kun sinulla on opintoihin liittyv\u00e4 ongelma tai kysymys. Opiskelijakunnan vaikuttamisen asiantuntija voi esimerkiksi olla mukana selvitt\u00e4m\u00e4ss\u00e4 [&hellip;]<\/p>\n","protected":false},"author":1,"featured_media":0,"parent":0,"menu_order":0,"comment_status":"closed","ping_status":"closed","template":"","meta":{"_et_pb_use_builder":"on","_et_pb_old_content":"<!-- wp:divi\/placeholder \/-->","_et_gb_content_width":"","footnotes":""},"difl_page_category":[],"class_list":["post-34","page","type-page","status-publish","hentry"],"_links":{"self":[{"href":"https:\/\/opiskelijakunta.net\/en\/wp-json\/wp\/v2\/pages\/34","targetHints":{"allow":["GET"]}}],"collection":[{"href":"https:\/\/opiskelijakunta.net\/en\/wp-json\/wp\/v2\/pages"}],"about":[{"href":"https:\/\/opiskelijakunta.net\/en\/wp-json\/wp\/v2\/types\/page"}],"author":[{"embeddable":true,"href":"https:\/\/opiskelijakunta.net\/en\/wp-json\/wp\/v2\/users\/1"}],"replies":[{"embeddable":true,"href":"https:\/\/opiskelijakunta.net\/en\/wp-json\/wp\/v2\/comments?post=34"}],"version-history":[{"count":101,"href":"https:\/\/opiskelijakunta.net\/en\/wp-json\/wp\/v2\/pages\/34\/revisions"}],"predecessor-version":[{"id":2544,"href":"https:\/\/opiskelijakunta.net\/en\/wp-json\/wp\/v2\/pages\/34\/revisions\/2544"}],"wp:attachment":[{"href":"https:\/\/opiskelijakunta.net\/en\/wp-json\/wp\/v2\/media?parent=34"}],"wp:term":[{"taxonomy":"difl_page_category","embeddable":true,"href":"https:\/\/opiskelijakunta.net\/en\/wp-json\/wp\/v2\/difl_page_category?post=34"}],"curies":[{"name":"wp","href":"https:\/\/api.w.org\/{rel}","templated":true}]}}